{"id":8358,"date":"2022-08-03T09:00:39","date_gmt":"2022-08-03T07:00:39","guid":{"rendered":"http:\/\/fundacionlesmes.org\/?page_id=8358"},"modified":"2025-12-01T13:46:48","modified_gmt":"2025-12-01T11:46:48","slug":"politica-de-privacidad","status":"publish","type":"page","link":"https:\/\/fundacionlesmes.org\/es\/politica-de-privacidad\/","title":{"rendered":"Pol\u00edtica de Privacidad"},"content":{"rendered":"<section class=\"l-section wpb_row height_custom\"><div class=\"l-section-h i-cf\"><div class=\"g-cols vc_row via_grid cols_1 laptops-cols_inherit tablets-cols_inherit mobiles-cols_1 valign_top type_default stacking_default\"><div class=\"wpb_column vc_column_container\"><div class=\"vc_column-inner\"><div class=\"w-separator size_huge\"><\/div><div class=\"wpb_text_column\"><div class=\"wpb_wrapper\"><h1>Pol\u00edtica de Privacidad<\/h1>\n<\/div><\/div><div class=\"w-separator size_small\"><\/div><div class=\"wpb_text_column\"><div class=\"wpb_wrapper\"><ol>\n<li><strong>POL\u00cdTICA DE PRIVACIDAD DE WWW.FUNDACIONLESMES.ORG<\/strong><\/li>\n<\/ol>\n<p>Uno de los objetivos prioritarios de FUNDACI\u00d3N LESMES es el cumplimiento en materia de protecci\u00f3n de datos personales respecto a dichos datos de los usuarios de la web.<\/p>\n<p>Mediante la presente Pol\u00edtica de Privacidad, FUNDACI\u00d3N LESMES informa a los usuarios de\u00a0<strong>\u00a0<\/strong><a href=\"http:\/\/www.fundacionlesmes.org\/\" target=\"_blank\" rel=\"noopener noreferrer\">www.fundacionlesmes.org<\/a>\u00a0de todo lo relativo al tratamiento al que someten los datos de car\u00e1cter personal que son recabados en la Web. Todo ello con el objetivo de que los usuarios decidan libremente y de manera voluntaria si desean facilitar la informaci\u00f3n que se solicita.<\/p>\n<p>FUNDACI\u00d3N LESMES se reserva la facultad de cambiar y adaptar la presente Pol\u00edtica en caso de modificaciones legales, cambio de pr\u00e1cticas, interpretaciones judiciales, as\u00ed como cualquier otra circunstancia que implique un tratamiento distinto de los datos del cual haya que informar a las personas interesadas.<\/p>\n<p>Cualquier modificaci\u00f3n ser\u00e1 anunciada con toda la antelaci\u00f3n que las circunstancias permitan, a fin de que los usuarios tengan conocimiento en todo momento del contenido exacto de la misma.<\/p>\n<p>Ciertos servicios de la web pueden tener particularidades que conlleven previsiones espec\u00edficas en materia de protecci\u00f3n de datos personales. En estos casos se informar\u00e1 espec\u00edficamente de ello en el apartado o formulario correspondiente.<\/p>\n<ol start=\"2\">\n<li><strong>DATOS IDENTIFICATIVOS DEL RESPONSABLE DEL TRATAMIENTO<\/strong><\/li>\n<\/ol>\n<p>Nombre del Responsable: FUNDACI\u00d3N LESMES<\/p>\n<p>NIF: G-09316878<\/p>\n<p>Direcci\u00f3n: C\/ Manuel Altolaguirre s.n., 09006 Burgos<\/p>\n<p>Correo electr\u00f3nico:\u00a0<a href=\"mailto:fundacionlesmes@fundacionlesmes.org\">fundacionlesmes@fundacionlesmes.org<\/a><\/p>\n<p>Tel\u00e9fono: 947 24 45 11<\/p>\n<p>Delegado de Protecci\u00f3n de Datos:\u00a0\u00a0<a href=\"mailto:delegadopd@fundacionlesmes.org\">delegadopd@fundacionlesmes.org<\/a><\/p>\n<ol start=\"3\">\n<li><strong>LEGITIMACI\u00d3N DEL TRATAMIENTO<\/strong><\/li>\n<\/ol>\n<p>La FUNDACI\u00d3N LESMES tratar\u00e1 sus datos personales en la web de acuerdo con una base jur\u00eddica de legitimaci\u00f3n incluida en la normativa que habilite al Responsable para dicho tratamiento, de la que se informar\u00e1 al interesado previamente en cada situaci\u00f3n:<\/p>\n<ul>\n<li>El consentimiento del interesado.<\/li>\n<li>La ejecuci\u00f3n de un contrato en que el interesado es parte o para la aplicaci\u00f3n a petici\u00f3n de \u00e9ste de medidas precontractuales.<\/li>\n<\/ul>\n<ol start=\"4\">\n<li><strong>FINALIDAD DEL TRATAMIENTO<\/strong><\/li>\n<\/ol>\n<p>El Responsable tratar\u00e1 sus datos personales proporcionados en la web con diferentes \u00a0finalidades, como puede ser, por ejemplo, el tratamiento de los mismos para la gesti\u00f3n de su solicitud de informaci\u00f3n a trav\u00e9s del formulario de contacto espec\u00edfico.<\/p>\n<p>Para el tratamiento de CVs, la base jur\u00eddica es la aplicaci\u00f3n, a petici\u00f3n del interesado, de medidas precontractuales (Art. 6.1.b RGPD).<br \/>\nSe informar\u00e1 en cada caso de la finalidad concreta del tratamiento.<\/p>\n<ol start=\"5\">\n<li><strong>CESIONES<\/strong><\/li>\n<\/ol>\n<p>Los datos recabados a trav\u00e9s de la Web s\u00f3lo ser\u00e1n cedidos en aquellos casos en que expresamente se informe de ello al usuario. Los datos solo ser\u00e1n cedidos a entidades vinculadas a FUNDACI\u00d3N LESMES por tema de gesti\u00f3n interna necesaria, o por cumplimiento de obligaciones legales.<\/p>\n<ol start=\"6\">\n<li><strong>CONSERVACI\u00d3N DE LOS DATOS<\/strong><\/li>\n<\/ol>\n<p>Los datos se conservar\u00e1n durante el tiempo m\u00ednimo estrictamente necesario, y, en cualquier caso, durante los plazos previstos en la normativa.<\/p>\n<ol start=\"7\">\n<li><strong>EJERCICIO DE DERECHOS DE LOS USUARIOS DE LA WEB<\/strong><\/li>\n<\/ol>\n<p>Los usuarios de la web tienen derecho a retirar su consentimiento en cualquier momento y a presentar una reclamaci\u00f3n ante la Agencia Espa\u00f1ola de Protecci\u00f3n de Datos (<a href=\"http:\/\/www.aepd.es\/\" target=\"_blank\" rel=\"noopener noreferrer\">www.aepd.es<\/a>).<\/p>\n<p>Adem\u00e1s, podr\u00e1n ejercitar sus derechos de acceso, rectificaci\u00f3n o supresi\u00f3n, limitaci\u00f3n de su tratamiento, portabilidad y\/u oposici\u00f3n dirigi\u00e9ndose al Responsable del Tratamiento: FUNDACI\u00d3N LESMES, C\/ Manuel Altolaguirre, s.n. 09006 Burgos. Delegado de Protecci\u00f3n Datos:\u00a0<a href=\"mailto:delegadopd@fundacionlesmes.org\">delegadopd@fundacionlesmes.org<\/a><\/p>\n<\/div><\/div><\/div><\/div><\/div><\/div><\/section>\n","protected":false},"excerpt":{"rendered":"Pol\u00edtica de Privacidad POL\u00cdTICA DE PRIVACIDAD DE WWW.FUNDACIONLESMES.ORG Uno de los objetivos prioritarios de FUNDACI\u00d3N LESMES es el cumplimiento en materia de protecci\u00f3n de datos personales respecto a dichos datos de los usuarios de la web. Mediante la presente Pol\u00edtica de Privacidad, FUNDACI\u00d3N LESMES informa a los usuarios de\u00a0\u00a0www.fundacionlesmes.org\u00a0de todo lo relativo al tratamiento al...","protected":false},"author":1,"featured_media":0,"parent":0,"menu_order":0,"comment_status":"closed","ping_status":"closed","template":"","meta":{"footnotes":""},"class_list":["post-8358","page","type-page","status-publish","hentry"],"acf":[],"_links":{"self":[{"href":"https:\/\/fundacionlesmes.org\/es\/wp-json\/wp\/v2\/pages\/8358","targetHints":{"allow":["GET"]}}],"collection":[{"href":"https:\/\/fundacionlesmes.org\/es\/wp-json\/wp\/v2\/pages"}],"about":[{"href":"https:\/\/fundacionlesmes.org\/es\/wp-json\/wp\/v2\/types\/page"}],"author":[{"embeddable":true,"href":"https:\/\/fundacionlesmes.org\/es\/wp-json\/wp\/v2\/users\/1"}],"replies":[{"embeddable":true,"href":"https:\/\/fundacionlesmes.org\/es\/wp-json\/wp\/v2\/comments?post=8358"}],"version-history":[{"count":3,"href":"https:\/\/fundacionlesmes.org\/es\/wp-json\/wp\/v2\/pages\/8358\/revisions"}],"predecessor-version":[{"id":9808,"href":"https:\/\/fundacionlesmes.org\/es\/wp-json\/wp\/v2\/pages\/8358\/revisions\/9808"}],"wp:attachment":[{"href":"https:\/\/fundacionlesmes.org\/es\/wp-json\/wp\/v2\/media?parent=8358"}],"curies":[{"name":"wp","href":"https:\/\/api.w.org\/{rel}","templated":true}]}}